{"id":2564,"date":"2023-08-18T15:54:07","date_gmt":"2023-08-18T06:54:07","guid":{"rendered":"https:\/\/criarejp.com\/?page_id=2564"},"modified":"2023-08-18T16:07:59","modified_gmt":"2023-08-18T07:07:59","slug":"termos-e-condicoes-promocao-de-verao","status":"publish","type":"page","link":"https:\/\/criarejp.com\/pt_br\/termos-e-condicoes-promocao-de-verao\/","title":{"rendered":"Termos e condi\u00e7\u00f5es promo\u00e7\u00e3o de ver\u00e3o"},"content":{"rendered":"\t\t<div data-elementor-type=\"wp-page\" data-elementor-id=\"2564\" class=\"elementor elementor-2564\" data-elementor-post-type=\"page\">\n\t\t\t\t<div class=\"elementor-element elementor-element-057df83 e-flex e-con-boxed e-con e-parent\" data-id=\"057df83\" data-element_type=\"container\" data-e-type=\"container\">\n\t\t\t\t\t<div class=\"e-con-inner\">\n\t\t\t\t<div class=\"elementor-element elementor-element-071feed elementor-widget elementor-widget-text-editor\" data-id=\"071feed\" data-element_type=\"widget\" data-e-type=\"widget\" data-widget_type=\"text-editor.default\">\n\t\t\t\t<div class=\"elementor-widget-container\">\n\t\t\t\t\t\t\t\t\t<p>Promo\u00e7\u00e3o de Ver\u00e3o<br \/>Termos e condi\u00e7\u00f5es da Promo\u00e7\u00e3o de Ver\u00e3o<\/p><p>Ultimas Atualiza\u00e7\u00f5es: 8\/8\/23, 1:25 AM UTC<\/p><p>1. Organizador<br \/>A organiza\u00e7\u00e3o e gest\u00e3o da promo\u00e7\u00e3o s\u00e3o de responsabilidade da Criare Art Design, localizada em Nakaishikich\u014d, Ichiba -119-2 Tsushima Aichi-ken.<\/p><p>2. Participantes<br \/>A Promo\u00e7\u00e3o de Ver\u00e3o \u00e9 direcionada a todas as pessoas maiores de idade que cumpram os requisitos especificados na publica\u00e7\u00e3o da promo\u00e7\u00e3o distribu\u00eddas nas m\u00eddias sociais. Os funcion\u00e1rios do organizador e seus familiares n\u00e3o poder\u00e3o participar da promo\u00e7\u00e3o.<\/p><p>3. Mec\u00e2nica de participa\u00e7\u00e3o<br \/>Para participar da promo\u00e7\u00e3o, os participantes dever\u00e3o seguir as seguintes instru\u00e7\u00f5es:<\/p><p>Acessar o site https:\/\/criarejp.com\/wordpress\/land-pages\/ durante o per\u00edodo de validade.<br \/>Seguir as instru\u00e7\u00f5es detalhadas na promo\u00e7\u00e3o.<\/p><p>A promo\u00e7\u00e3o de ver\u00e3o poder\u00e1 ser retirada do ar a qualquer momento \u00e0 partir da data de publica\u00e7\u00e3o.<\/p><p>Aquele que se inscrever na promo\u00e7\u00e3o deve estar ciente que o produto em quest\u00e3o \u00e9 a confec\u00e7\u00e3o de um website. Tamb\u00e9m estar\u00e3o inclusos 4 b\u00f4nus: 1 banner personalizado para ser usado no website, pesquisa e reserva do dom\u00ednio para o site a ser criado, suporte para planejamento de conte\u00fado e treinamento.<\/p><p>Quanto a hospedagem do website, instala\u00e7\u00e3o SSL, backup, monitoramento, antiv\u00edrus entre outros servi\u00e7os de manuten\u00e7\u00e3o para garantir o bom funcionamento deste, dever\u00e3o ser exclusivamente contratadas pela da empresa publicadora da promo\u00e7\u00e3o de ver\u00e3o no seguinte termo citado a baixo:<\/p><p>3.1- No ato da inscri\u00e7\u00e3o, estou de acordo em contratar os servi\u00e7os de hospedagem e de manuten\u00e7\u00e3o para o bom funcionamento de meu website por no m\u00ednimo 36 meses no valor de \u00a512770 mensais. Estar\u00e3o tamb\u00e9m inclusos dentro deste valor o suporte de hospedagem, a instala\u00e7\u00e3o do website no servidor, backups di\u00e1rios e manuten\u00e7\u00e3o do sistema.<\/p><p>A primeira manuten\u00e7\u00e3o a ser cobrada no ato da inscri\u00e7\u00e3o, ser\u00e1 exclu\u00edda. Sendo esse, pago ap\u00f3s a entrega do website.<br \/>O prazo para a entrega do website ap\u00f3s o recolhimento de todo o material necess\u00e1rio para a confec\u00e7\u00e3o, ser\u00e1 no m\u00e1ximo de 30 dias \u00fateis.<\/p><p>4. Coleta de materiais<br \/>O participante se compromete a entregar todo o material necess\u00e1rio para a confec\u00e7\u00e3o do website no prazo de at\u00e9 15 dias ap\u00f3s a contrata\u00e7\u00e3o do servi\u00e7o.<\/p><p>O material a ser entregue ser\u00e1 analisado, discutido e solicitado durante a primeira consulta agendada com a empresa Criare Art Design.<\/p><p>5. Prazo de participa\u00e7\u00e3o<br \/>O prazo para participar da promo\u00e7\u00e3o come\u00e7a em 11 de agosto de 2023 e termina em 10 de setembro de 2023. As participa\u00e7\u00f5es recebidas fora desse prazo n\u00e3o ser\u00e3o consideradas.<\/p><p>6. Tratamento de dados pessoais<br \/>Os dados pessoais fornecidos pelos participantes ser\u00e3o tratados pelo organizador de acordo com o estabelecido na legisla\u00e7\u00e3o aplic\u00e1vel em mat\u00e9ria de prote\u00e7\u00e3o de dados pessoais.<\/p><p>7. Modifica\u00e7\u00f5es e cancelamento da promo\u00e7\u00e3o<br \/>O organizador reserva-se o direito de fazer modifica\u00e7\u00f5es nestas bases legais a qualquer momento, desde que n\u00e3o prejudiquem os direitos dos participantes. Al\u00e9m disso, o organizador reserva-se o direito de cancelar ou adiar a promo\u00e7\u00e3o em caso de for\u00e7a maior ou circunst\u00e2ncias imprevistas que o tornem necess\u00e1rio.<\/p><p>8. Aceita\u00e7\u00e3o das bases legais<br \/>A participa\u00e7\u00e3o na promo\u00e7\u00e3o implica na aceita\u00e7\u00e3o plena e sem reservas das presentes bases legais. O n\u00e3o cumprimento de qualquer das normas ou requisitos estabelecidos nestas bases legais resultar\u00e1 na exclus\u00e3o do participante.<\/p><p>9. Atraso de pagamento<br \/>Em caso de atraso no pagamento, o contratante ser\u00e1 notificado por e-mail e por telefone ou similar.<\/p><p>A suspens\u00e3o do servi\u00e7o acontecer\u00e1 ap\u00f3s o vencimento da segunda fatura n\u00e3o paga.<\/p><p>10. Desist\u00eancia ou fal\u00eancia<br \/>10.1 &#8211; Contratante<br \/>O contratante se prontifica a notificar a empresa Criare Art Design quanto a qualquer desist\u00eancia ou fal\u00eancia.<\/p><p>Em caso de desist\u00eancia ou fal\u00eancia durante o per\u00edodo m\u00ednimo estipulado na cl\u00e1usula 3, o contratante ser\u00e1 obrigado a pagar 1\/3 do valor restante.<\/p><p>Ser\u00e1 considerado desist\u00eancia, o n\u00e3o pagamento das mensalidades durante o per\u00edodo de 3 meses. A d\u00edvida restante ser\u00e1 encaminhada para a cobran\u00e7a legal deste contrato.<\/p><p>10.2 &#8211; Contratado<br \/>Em caso de fal\u00eancia, a contratada se prontifica a transferir o website em quest\u00e3o para uma nova plataforma de escolha da empresa, sem que haja preju\u00edzos para a contratante.<\/p>\t\t\t\t\t\t\t\t<\/div>\n\t\t\t\t<\/div>\n\t\t\t\t\t<\/div>\n\t\t\t\t<\/div>\n\t\t\t\t<\/div>\n\t\t","protected":false},"excerpt":{"rendered":"<p>Promo\u00e7\u00e3o de Ver\u00e3oTermos e condi\u00e7\u00f5es da Promo\u00e7\u00e3o de Ver\u00e3o Ultimas Atualiza\u00e7\u00f5es: 8\/8\/23, 1:25 AM UTC 1. OrganizadorA organiza\u00e7\u00e3o e gest\u00e3o da promo\u00e7\u00e3o s\u00e3o de responsabilidade&#8230;<\/p>\n","protected":false},"author":1,"featured_media":0,"parent":0,"menu_order":0,"comment_status":"closed","ping_status":"closed","template":"elementor_canvas","meta":{"footnotes":""},"class_list":["post-2564","page","type-page","status-publish","hentry"],"_links":{"self":[{"href":"https:\/\/criarejp.com\/pt_br\/wp-json\/wp\/v2\/pages\/2564","targetHints":{"allow":["GET"]}}],"collection":[{"href":"https:\/\/criarejp.com\/pt_br\/wp-json\/wp\/v2\/pages"}],"about":[{"href":"https:\/\/criarejp.com\/pt_br\/wp-json\/wp\/v2\/types\/page"}],"author":[{"embeddable":true,"href":"https:\/\/criarejp.com\/pt_br\/wp-json\/wp\/v2\/users\/1"}],"replies":[{"embeddable":true,"href":"https:\/\/criarejp.com\/pt_br\/wp-json\/wp\/v2\/comments?post=2564"}],"version-history":[{"count":0,"href":"https:\/\/criarejp.com\/pt_br\/wp-json\/wp\/v2\/pages\/2564\/revisions"}],"wp:attachment":[{"href":"https:\/\/criarejp.com\/pt_br\/wp-json\/wp\/v2\/media?parent=2564"}],"curies":[{"name":"wp","href":"https:\/\/api.w.org\/{rel}","templated":true}]}}